{"version":"1.0","provider_name":"Fapiacr\u00f3l kertv\u00e1rosba","provider_url":"https:\/\/fapiac.cafeblog.hu","author_name":"T\u00f3th J. Zsuzsi","author_url":"https:\/\/fapiac.cafeblog.hu\/author\/zsutot\/","title":"Kert\u00e9szked\u00e9ssel kapuz\u00e1r\u00e1s ellen...","html":"Minden \u00e9vben el\u00e9rkez\u0151 dr\u00e1mai 24 \u00f3r\u00e1t t\u00f6lthettem pasival, a (saj\u00e1t) sz\u00fclet\u00e9snapj\u00e1t.\r\nAmi\u00f3ta ismerem, minden sz\u00fclet\u00e9snapot megel\u0151z\u0151 \u00e9s k\u00f6vet\u0151 egy hetet m\u00e9ly depresszi\u00f3ban t\u00f6lt . \r\n\r\nA dolog kezd\u0151dik azzal, hogy engem minden \u00e9vben szek\u00e1l a korommal - egy \u00e9vben sz\u00fclet\u00fcnk, \u00e9n n\u00e9gy h\u00f3nappal kor\u00e1bban. \r\nTeh\u00e1t n\u00e9gy h\u00f3napon kereszt\u00fcl hallgathatom, hogy \u00e9n milyen v\u00e9n szipirty\u00f3 vagyok, \u0151 pedig m\u00e9g X \u00e9ves. (Hi\u00e1ba na, mindig is tudta, hogyan vegye le a csajokat a l\u00e1bukr\u00f3l.)\r\nSz\u00fclet\u00e9snapja el\u0151tt p\u00e1r nappal pedig tagad\u00e1sba burkol\u00f3dzik.\r\nHa r\u00e1k\u00e9rdezek, mit szeretne, nem kell neki semmi. Se aj\u00e1nd\u00e9k, se sz\u00fclinapi buli, se torta (ez \u00e1ltal\u00e1ban az\u00e9rt k\u00e9pl\u00e9keny), se gyertya, se konfetti, se szerpentin, se semmi.\r\n\r\nNem tudom pontosan, hogy ez a kora (vagy ink\u00e1bb korosod\u00e1st\u00f3l, feln\u00f6v\u00e9st\u0151l val\u00f3 iszonya) miatt van-e, gyan\u00edtom igen. \r\nEgy\u00e9rtelm\u0171en fiatal \u2013 \u00f6r\u00f6kifj\u00fa \u2013 akar maradni (az \u00f6reged\u00e9s miatt szerintem nincs is mit agg\u00f3dnia, hiszen m\u00e9g csak 29! \u00c9n 29. \u00e9let\u00e9vem els\u0151 pillanat\u00e1t\u00f3l istenien \u00e9reztem magam, kivirultam, j\u00f3l \u00e9rzem magam a b\u0151r\u00f6mben, ott vagyok, ahol lenni akarok: a kerv\u00e1rosban, pasival, a h\u00e1zunkban). \r\nPersze mindig \u0151t saccolj\u00e1k id\u0151sebbnek. Olyannyira, hogy 29. sz\u00fclet\u00e9snapom el\u0151tt p\u00e1r nappal igazolnom kellett magam a boltban alkoholv\u00e1s\u00e1rl\u00e1s k\u00f6zben (ut\u00e1na egy h\u00f3napig vigyorogtam meg\u00e1ll\u00e1s n\u00e9lk\u00fcl). \u0150t, ezzel szemben, p\u00e1r nappal az \u00e9n esetem ut\u00e1n, valaki 35-nek tippelte <del datetime=\"2013-08-14T22:45:37+00:00\">ez ut\u00e1n egy h\u00f3napig r\u00f6h\u00f6gtem meg\u00e1ll\u00e1s n\u00e9lk\u00fcl<\/del>.\r\nHurr\u00e1, m\u00e9g egy ok a depresszi\u00f3ra. \r\n\r\n\u00c9n komolyan nem tudom mi lesz vele, ha majd t\u00e9nyleg a 35-\u00f6t, vagy a 40-et t\u00f6lti. Nem lepne meg, ha hajbe\u00fcltet\u00e9st csin\u00e1ltatna \u00e9s\/vagy befesten\u00e9 a haj\u00e1t Kordagyurib\u00e1csisra \u00e9s egy t\u0171zpiros sportkabri\u00f3val t\u00e9rne haza. Vagy egy motorral.\r\n\r\n\u00cdgy azt\u00e1n \u00fcnnepl\u00e9sr\u0151l sz\u00f3 sem lehet! M\u00e9g bar\u00e1tokat, csal\u00e1dtagokat sem k\u00edv\u00e1n megh\u00edvni sz\u00fclinapozni. Ha tehetn\u00e9, \u00e1gyban, vagy k\u00e1dban t\u00f6lten\u00e9 a napot, r\u00e1nctalan\u00edt\u00f3 kr\u00e9mmel \u00e9s ubokapakol\u00e1ssal az arc\u00e1n. \r\n\r\n<a href=\"https:\/\/fapiac.cafeblog.hu\/files\/2013\/08\/ubi.jpg\"><img src=\"https:\/\/fapiac.cafeblog.hu\/files\/2013\/08\/ubi.jpg\" alt=\"ubi\" width=\"200\" height=\"200\" class=\"alignnone size-full wp-image-245\" \/><\/a>\r\n\r\nAzt\u00e1n, utols\u00f3 ut\u00e1ni pillanatban \u00e1ltal\u00e1ban meggondolja mag\u00e1t \u00e9s f\u00e9l nappal k\u00edv\u00e1nt d\u00e1tum el\u0151tt, p\u00e1nikban p\u00f3b\u00e1lja m\u00e9gis \u00f6ssztrombit\u00e1lni az \u00fcnnepi t\u00f6meget. \r\nAkiknek akkorra m\u00e1r be van t\u00e1bl\u00e1zva a h\u00e9tv\u00e9gj\u00fck: ny\u00e1r van, mindenki nyaralni van, fesztiv\u00e1lozni megy, s\u00fct\u00f6getni j\u00e1r, am\u00edg lehet. \r\n\r\nAkkor v\u00e9g\u00fcl meg\u00e1llap\u00edtja, hogy nincs neki egy fia bar\u00e1tja sem, h\u00e1t minek \u00fcnnepeljen. Megint j\u00f6n a letargia. \r\n\r\n<a href=\"https:\/\/fapiac.cafeblog.hu\/files\/2013\/08\/man-depressed.jpg\"><img src=\"https:\/\/fapiac.cafeblog.hu\/files\/2013\/08\/man-depressed.jpg\" alt=\"man depressed\" width=\"229\" height=\"220\" class=\"alignnone size-full wp-image-244\" \/><\/a>\r\n\r\nAt\u00e1n m\u00e9gis elj\u00f6n (majdnem) mindenki a bulira, \u0151 remek\u00fcl sz\u00f3rakozik \u00e9s az eg\u00e9sz el van felejtve.\r\n\r\n(<em>Tavaly megel\u00e9geltem a dolgot, akkor meglepet\u00e9sbulit szerveztem neki \u2013 ID\u0150BEN - , akkoriban \u00e9ppen rockzen\u00e9sz akart lenni a sz\u00fclet\u00e9snapj\u00e1t megel\u0151z\u0151 kr\u00edzis id\u0151szak\u00e1ban, m\u00e9g git\u00e1rt is kapott, amin az\u00f3ta is \u00e9n j\u00e1tszok, de ez mell\u00e9kes\u2026<\/em>)\r\n\r\nAz idei sz\u00fclinap sem telt m\u00e1sk\u00e9pp, mint az elm\u00falt \u00f6t k\u00f6z\u00f6sen t\u00f6lt\u00f6tt (magamban m\u00e1r pip\u00e1ltam ki a f\u00e1zisokat, tagad\u00e1s \u2013 <em>pipa<\/em>, letargia \u2013 <em>pipa<\/em>, v\u00e9gs\u0151 p\u00e1nikban gyorsban kik\u00fcld\u00f6tt sms csal\u00e1dnak, bar\u00e1toknak, koll\u00e9g\u00e1knak \u2013 <em>pipa<\/em>, \u00f6nsajn\u00e1lat, mert senki nem \u00e9r r\u00e1 \u00e9s nem is fontos \u0151 senkinek \u2013 <em>pipa<\/em>\u2026)\r\n\r\nId\u00e9n is indultunk onnan, hogy \u201cgondolkodtam, id\u00e9n (<em>???!<\/em>) nem \u00fcnneplem meg a sz\u00fclet\u00e9snapomat\u201d. Mire \u00e9n: \u201cbiztos?\u201d, \u0151: \u201cbiztos!\u201d. \u00c9n meg b\u00f6lcsen hagyom annyiban a dolgot \u00e9s fejben m\u00e1r \u00e1ll\u00edtom is \u00f6ssze a list\u00e1t a bulira, mert nagyon is j\u00f3l tudom, hogy \u00daGYSEM telhet el sz\u00fclet\u00e9snapja an\u00e9lk\u00fcl, hogy kedve ne t\u00e1madjon v\u00e9g\u00fcl m\u00e9gis meg\u00fcnnepelni.\r\n\r\nR\u00e1k\u00e9rdeztem t\u00f6bbsz\u00f6r, nem, \u0151 nem. Id\u00e9n <em>T\u00c9NYLEG<\/em> nem. Nincs kedve, nincs energi\u00e1ja, \u00e9s k\u00fcl\u00f6nben is, kit h\u00edvna meg, mindenki nyaralni van (k\u00e9t b\u00e1tyja van nyaralni, ennyi).\r\n\r\nLast minute persze megint k\u00fcld\u00f6tt mindenkinek egy \u00fczenetet, \u00e9s csak h\u00e1rman jeleztek 5 percen bel\u00fcl, hogy tudnak j\u00f6nni. A h\u00faszb\u00f3l. Mert ugye nyaral\u00e1sok, fesztiv\u00e1lok, kertipartyk \u00e9s \u2013 b\u00e1rmily hihetetlen, mindenkinek van jobb dolga, mint arra v\u00e1rni, hogy milyen ir\u00e1nyba halad az \u0151 kapuz\u00e1r\u00e1si p\u00e1nikja. Azt\u00e1n lassank\u00e9nt mindenki \u00e1tszervezte s\u0171r\u0171 programj\u00e1t. \r\nL\u00e9nyeg: sz\u00fclinapi buli id\u00e9n is lesz\u2026\r\n\r\nA sz\u00fclet\u00e9snapja el\u0151tti \u00e9jjel direkt megv\u00e1rtam, hogy elm\u00faljon \u00e9jf\u00e9l, gondoltam, akkor \u00e9s ott (\u00e9n el\u0151sz\u00f6r) k\u00edv\u00e1nok neki boldog sz\u00fclet\u00e9snapot, m\u00e9g \u00e9nekelni is akartam, de \u0151 fel\u00e1llt \u00e9s megk\u00e9rt, hogy ink\u00e1bb ne is hozzam sz\u00f3ba az eg\u00e9szet. Jabocs, akkor nem.\r\n\r\nNekem azt\u00e1n nem kellett k\u00e9tszer mondani, nem lesz itt ma sz\u00fclinapoz\u00e1s, csak a borzas tetej\u0171 almatort\u00e1t (mazsola n\u00e9lk\u00fcl!) fogom neki megcsin\u00e1lni (mert arra az\u00e9rt volt ig\u00e9ny).\r\nAhogy k\u00e9rte, se aj\u00e1nd\u00e9k, se konfetti, se szerpentin. Nan\u00e1, hogy lesz aj\u00e1nd\u00e9k, de majd csak szombaton. Egy k\u00fcl\u00f6nleges, a bar\u00e1tokt\u00f3l (mert v\u00e9g\u00fcl elj\u00f6n majdnem mindenki), a csal\u00e1dj\u00e1t\u00f3l (mert m\u00e9g az \u00e9ppen orsz\u00e1gon k\u00edv\u00fcl tart\u00f3zkod\u00f3 tes\u00f3it is mozg\u00f3s\u00edtottam) \u00e9s persze t\u0151lem (mert t\u00fal im\u00e1dnival\u00f3 \u0151 ahhoz, hogy rendes aj\u00e1nd\u00e9k n\u00e9lk\u00fcl teljen a sz\u00fclinapja\u2026). Ezt neki persze nem kell tudnia. M\u00e9g. \r\n\r\nElmentem h\u00e1t kamuaj\u00e1nd\u00e9kot v\u00e1s\u00e1rolni (nan\u00e1, hogy lakber \u00e1ruh\u00e1zban k\u00f6t\u00f6ttem ki, szerintem nem is tal\u00e1ln\u00e9k m\u00e1r el m\u00e1sik boltba), csak, hogy ne sejtse, van m\u00e9g valami k\u00e9sz\u00fcl\u0151ben. Plusz, minek \u00fcljek itthon, ha ezt a napot a lehet\u0151 leg\u00e1tlagosabban k\u00edv\u00e1nta t\u00f6lteni?\r\n\r\nKamuaj\u00e1nd\u00e9k beszerezve, m\u00e9g gyros bev\u00e1s\u00e1rl\u00e1s a borzas tetej\u0171 almatort\u00e1hoz (mazsola n\u00e9lk\u00fcl!). J\u00f3szomsz\u00e9d l\u00e9v\u00e9n m\u00e9g az is eszembe jutott, hogy v\u00e1s\u00e1roljak egy doboz csokol\u00e1d\u00e9t Dirksn\u00e9nek, a <a href=\"https:\/\/fapiac.cafeblog.hu\/2013\/08\/13\/lampaosztogato\/\">l\u00e1mp\u00e1\u00e9rt<\/a> cser\u00e9be.\r\n\r\nAkkor persze m\u00e9g nem sejthettem, hogy mik\u00f6zben \u00e9n l\u00e1zasan igyekszem a legt\u00f6k\u00e9letesebb doboz bonbont kiv\u00e1lasztani (rem\u00e9lem, nem cukorbeteg\u2026), Dirksn\u00e9 \u00e9ppen pasin k\u00e9ri sz\u00e1mon, hogy vannak-e terveink a bej\u00e1rati ajt\u00f3n\u00e1l l\u00e9v\u0151 hortenziabokrokkal, s ha igen, mik\u2026 A mi gy\u00f6ny\u00f6r\u0171, teljes d\u00edsz\u00fckben pomp\u00e1z\u00f3, hatalmas, sz\u00ednes vir\u00e1gokat hoz\u00f3 hortenzi\u00e1nik ugyanis \u00e1tl\u00f3gnak az \u0151 s\u00f6v\u00e9ny\u00e9re. Vagyis: az \u00e1tl\u00f3g\u00f3 \u00e1gakat le kellene metszeni.\r\nHaza\u00e9rkezv\u00e9n ez a h\u00edr v\u00e1rt. A sz\u00edvem szakadt meg. \r\nAz ugye mindegy, hogy most hortenziametsz\u00e9snek szezonja nincs (teh\u00e1t ha most megritk\u00edtjuk, j\u00f6v\u0151re egy darab vir\u00e1g nem lesz rajta), amit utc\u00e1nk anyakir\u00e1lyn\u0151je k\u00edv\u00e1n, mi megtessz\u00fck. \r\n<strong>nyugodt \u00e9s kiegyens\u00falyozott mag\u00e1n\u00e9let\u00fcnket \u00e9s hortenzi\u00e1inkat a j\u00f3szomsz\u00e9ds\u00e1g\u00e9rt!<\/strong>\r\n\r\nLassank\u00e9nt vil\u00e1goss\u00e1 v\u00e1lt, hogy Dirksn\u00e9 \u00fagy gondolta, el\u00e9g id\u0151t t\u00f6lt\u00f6tt\u00fcnk m\u00e1r a h\u00e1zban bark\u00e1csol\u00e1ssal, \u00e9s itt az ideje annak, hogy az utcafrontot is rendbeszedj\u00fck. \u00cdgy est\u00fcnk neki az el\u0151kertnek pasi szent sz\u00fclet\u00e9se napj\u00e1n. \u00cdgy vakartam \u00e9n a moh\u00e1t kisk\u00e9ssel a k\u00f6vekr\u0151l <del datetime=\"2013-08-14T22:45:37+00:00\">\u00edgy t\u00e9pte ki pasi a t\u00f6kre nemes \u00e9s \u00e9rt\u00e9kes d\u00edszn\u00f6v\u00e9nyeket a k\u00e9t fa t\u00f6v\u00e9b\u0151l, mert azt hitte, gyomok<\/del>, \u00edgy metszett\u00fcnk hortenzi\u00e1t a ny\u00e1r kell\u0151s k\u00f6zep\u00e9n \u00e9s \u00edgy l\u00e9pt\u00fcnk el\u0151 Dirksn\u00e9 kir\u00e1lyi f\u0151kert\u00e9szeiv\u00e9 (is), abban az id\u0151pontban, amikor \u00e9n a borzas tetej\u0171 almatort\u00e1t (mazsola n\u00e9lk\u00fcl!) terveztem s\u00fctni \u00e9ppen.\r\n\r\n\u00cdgy v\u00e1ljon val\u00f3ra pasi minden k\u00edv\u00e1ns\u00e1ga, mert enn\u00e9l kev\u00e9sb\u00e9 \u00fcnnep\u00e9lyes sz\u00fclet\u00e9snapot, ha akarn\u00e9k sem tudn\u00e9k elk\u00e9pzelni (\u00e9n tutira s\u00edr\u00f3g\u00f6rcs\u00f6t kaptam volna, ha ugyanez az \u00e9n sz\u00fclet\u00e9snapomon t\u00f6rt\u00e9nik). Pasi nem b\u00e1nta. A kamuaj\u00e1nd\u00e9knak is \u00f6r\u00fclt. Ha tudn\u00e1, micsoda meglepet\u00e9s v\u00e1r m\u00e9g r\u00e1!\r\n\r\nS\u0151t, m\u00e9g a tort\u00e1t is siker\u00fclt \u00e9jf\u00e9l el\u0151tt felv\u00e1gni, \u00e9s hi\u00e1ba tiltakozott, a v\u00e9g\u00e9n m\u00e9gis tetszett neki a figyelmem\u2026 Szerintem. Szerintetek?\r\n\r\n<a href=\"https:\/\/fapiac.cafeblog.hu\/files\/2013\/08\/pasi-szulinap.jpg\"><img src=\"https:\/\/fapiac.cafeblog.hu\/files\/2013\/08\/pasi-szulinap-300x300.jpg\" alt=\"pasi szulinap\" width=\"300\" height=\"300\" class=\"alignnone size-medium wp-image-246\" \/><\/a>","type":"rich"}