{"version":"1.0","provider_name":"Fapiacr\u00f3l kertv\u00e1rosba","provider_url":"https:\/\/fapiac.cafeblog.hu","author_name":"T\u00f3th J. Zsuzsi","author_url":"https:\/\/fapiac.cafeblog.hu\/author\/zsutot\/","title":"8-1 - A harmadik sorb\u00f3l","html":"Igen, ez a bejegyz\u00e9s a p\u00e9nteki \"legend\u00e1s\" holland-magyarr\u00f3l fog sz\u00f3lni.\r\nNem c\u00e9lom b\u00edr\u00e1lni a magyar v\u00e1logatottat, milyen alapon tehetn\u00e9m? Nem \u00e9rtek a focihoz, n\u00e9zni is csak a v\u00e1logatott meccseket szeretem. \u00dagy \u00e1ltal\u00e1ban, nem kifejezetten a magyar v\u00e1logatott\u00e9t.\r\nNem fogom megmondani a tutit, \u00e9s \u00edt\u00e9lkezni az am\u00fagy is porig al\u00e1zott magyar v\u00e1logatott felett.\r\nNem rem\u00e9ltem, hogy meg fogj\u00e1k verni a hollandokat, de az elm\u00falt \u00e9vek szin\u00e9n legend\u00e1s veres\u00e9gei ut\u00e1n \u0151szint\u00e9n b\u00edztam abban, hogy most az egyszer meg tudjuk majd mutatni, hogy mi is tudunk focizni. Vagy legal\u00e1bb egy picit al\u00e1p\u00f6rk\u00f6l\u00fcnk az egy\u00e9bk\u00e9nt k\u00f6nnyen nagypof\u00e1j\u00fa hollandoknak.\r\n\r\nK\u00e9sz\u00fcltem meg\u00edrni ezt a bejegyz\u00e9st, a meccs kimenetel\u00e9t\u0151l f\u00fcggetlen\u00fcl. Mert \u0151szint\u00e9n, h\u00e1nyunknak adatik meg az es\u00e9ly, hogy \u00e9l\u0151ben tekinthesse meg sz\u00fcl\u0151f\u00f6ldje v\u00e1logatott m\u00e9rk\u0151z\u00e9s\u00e9t abban az orsz\u00e1gban, azon orsz\u00e1g ellen, ahov\u00e1 majdnem h\u00e9t \u00e9vvel ezel\u0151tt emigr\u00e1lt a boldogs\u00e1got keresve?\r\n\r\n\u00c9n \u00f6r\u00fcltem a lehet\u0151s\u00e9gnek, amikor Pasi azzal \u00e1llt el\u0151, hogy adjuk ezt aj\u00e1nd\u00e9kba egyik legkedvesebb (holland) bar\u00e1tunk 35. sz\u00fclet\u00e9snapj\u00e1ra. Persze azon m\u00f3d \u00f6sszecsin\u00e1ltam magam, amikor kider\u00fclt, a jegyek a B K\u00f6z\u00e9pbe sz\u00f3lnak, oda, ahol a legelsz\u00e1ntabb holland szurkol\u00f3k \u00e9rkeznek majd dobokkal, t\u00f6bb m\u00e9teres z\u00e1szl\u00f3kkal felszerelkezve, talpig narancss\u00e1rg\u00e1ban, a leglehetetlenebb jelmezekbe b\u00fajva. Mi megy\u00fcnk, n\u00e9gyen: k\u00e9t holland, egy rom\u00e1n \u00e9s egy magyar.\r\n\r\nElindult az \u00e9letf\u00e9lt\u00e9s \u00f6szt\u00f6ne bennem, hetek \u00f3ta azon p\u00f6r\u00f6gtem, hogy mit vegyek fel. Mert olyan nincs, hogy erre a meccsre is a narancss\u00e1rga oroszl\u00e1nos p\u00f3l\u00f3mban \u00e9rkezzek, amire egy felemelhet\u0151 oroszl\u00e1nfej van aplik\u00e1lva, melyet megemelve az oroszl\u00e1n gyomr\u00e1ig l\u00e1that le a t\u00f6bbi lelkes szurkol\u00f3.\r\n\r\n<a href=\"https:\/\/fapiac.cafeblog.hu\/files\/2013\/10\/brulshirt.jpg\"><img src=\"https:\/\/fapiac.cafeblog.hu\/files\/2013\/10\/brulshirt-225x300.jpg\" alt=\"brulshirt\" width=\"225\" height=\"300\" class=\"alignnone size-medium wp-image-425\" \/><\/a>\r\n\r\nAtt\u00f3l viszont tartottam, hogy ha nagyon pirosfeh\u00e9rz\u00f6ldbe \u00f6lt\u00f6z\u00f6m, esetleg finoman, vagy kev\u00e9sb\u00e9 finoman tess\u00e9kelnek majd ki a stadionb\u00f3l. \u00cdgy d\u00f6nt\u00f6ttem a piros-feh\u00e9r kombin\u00e1ci\u00f3 mellett, ami tulajdonk\u00e9ppen b\u00e1rminek felfoghat\u00f3.\r\nAggodalmamat nem enyh\u00edtette az sem, amikor Pasi megk\u00e9rdezte rom\u00e1n bar\u00e1tn\u0151mt\u0151l, hogy volt-e m\u00e1r valaha \u00e9l\u0151ben focimeccsen. \u0150 elmondta, hogy egy darab m\u00e9rk\u0151z\u00e9st l\u00e1tott el\u0151ben, m\u00e9g Bukarestben, de onnan futnia kellett az \u00e9let\u00e9\u00e9rt. Pasi k\u00e9rd\u00e9s\u00e9re, hogy v\u00e9letlen\u00fcl rossz szektorba \u00fclt-e, azt mondta, hogy arr\u00f3l a meccsr\u0151l <em>mindenkinek<\/em> futnia kellett az \u00e9let\u00e9\u00e9rt. \r\n\u00c9n pedig r\u00f6gt\u00f6n l\u00e1ttam magam el\u0151tt, hogy hogyan lincselnek majd meg a felp\u00f6rg\u00f6tt holland szurkol\u00f3k, amikor kider\u00fcl, hogy \u00e9n az ellenf\u00e9lnek szurkolok \u00e9s arra pr\u00f3b\u00e1ltam l\u00e1zasan v\u00e1laszt tal\u00e1lni, hogy Pasi megv\u00e9d-e, vagy ink\u00e1bb \u00fagy csin\u00e1l, mintha nem ismerne, hogy v\u00e9gign\u00e9zhesse a meccset. (Persze tudom, hogy nincs olyan helyzet, amiben Pasi ne sietne az \u00e9n seg\u00edts\u00e9gemre.)\r\n\r\nBar\u00e1tn\u0151m megnyugtatott, hogy ha engem meglincselnek, akkor \u0151t is meg fogj\u00e1k, mert \u0151 is a magyaroknak szurkol majd.\r\nEnnek tudat\u00e1ban teljes lelki b\u00e9k\u00e9ben k\u00e9sz\u00fcl\u0151dtem az indul\u00e1sra itthon. Piros-feh\u00e9r ruh\u00e1zat \u00e9s opcion\u00e1lis kieg\u00e9sz\u00edt\u0151k\u00e9nt egy z\u00f6ld(es) s\u00e1l mellett d\u00f6nt\u00f6ttem. \r\nMivel bar\u00e1taink nem a k\u00f6zel\u00fcnkben laknak, a tal\u00e1lkoz\u00f3t azon a vas\u00fat\u00e1llom\u00e1son besz\u00e9lt\u00fck meg, ahol mindkett\u0151nknek \u00e1t kellett sz\u00e1llnia az ArenA ir\u00e1ny\u00e1ba. Bar\u00e1tn\u0151met egyb\u0151l kisz\u00fartam a t\u00f6megben. Messzir\u0151l foszforeszk\u00e1lt a narancss\u00e1rga nadr\u00e1gja (saj\u00e1t elmond\u00e1sa szerint ink\u00e1bb korall sz\u00edn\u0171, szerintem a sz\u00edn maga volt a narancss\u00e1rga defin\u00edci\u00f3ja). Tudtam, magamra maradtam. Persze mi\u00e9rt is szurkolna a magyaroknak, hiszen a bar\u00e1tja holland, \u00e9s m\u00e9gis csak sz\u00fclinapja volt... \r\n\r\nPasi felvette a piszk\u00e1l\u00f3s \u00fczemm\u00f3dot, akkor hirtelen nem egy p\u00e1r voltunk, akkor csak a \"mi\" \u00e9s \"ti\" l\u00e9teztek. \u00c9rthet\u0151. B\u00e1rmennyire is b\u00edztam egy izgalmas, fordulatokt\u00f3l tark\u00edtott meccsben, azzal nem mertem visszav\u00e1gni, hogy \"<em>mi<\/em> majd \u00fagyis kiverj\u00fck <em>bel\u0151letek<\/em> a szuszt\", tudtam, hogy az mer\u00e9sz kijelent\u00e9s lett volna. \r\nA vonat t\u00f6mve volt narancss\u00e1rga emberekkel, m\u00e1r ott kil\u00f3gtam a sorb\u00f3l. Egyetlen magyar, vagy magyarnak kin\u00e9z\u0151 embert nem siker\u00fclt felfedeznem a kavalk\u00e1dban.\r\n\r\nV\u00e9g\u00fcl lesz\u00e1lltunk a vonatr\u00f3l \u00e9s, mivel m\u00e9g nem vacsor\u00e1ztunk, vett\u00fcnk kaj\u00e1t az \u00e1llom\u00e1son. \u00c9s akkor, \u00f3 igen, megakadt a szemem az els\u0151 magyar szurlol\u00f3t\u00e1boron. B\u00e1r a \"t\u00e1bor\" sz\u00f3 tal\u00e1n nem eg\u00e9szen \u00e1llja meg a hely\u00e9t, ha egy <em>k\u00e9t<\/em> f\u0151b\u0151l \u00e1ll\u00f3 embercsoportra utalunk. \r\n\r\n<a href=\"https:\/\/fapiac.cafeblog.hu\/files\/2013\/10\/magyar-szurkolok-1.jpg\"><img src=\"https:\/\/fapiac.cafeblog.hu\/files\/2013\/10\/magyar-szurkolok-1-225x300.jpg\" alt=\"magyar szurkolok 1\" width=\"225\" height=\"300\" class=\"alignnone size-medium wp-image-428\" \/><\/a>\r\n\r\nAz, hogy a holland szurkol\u00f3k kezet ny\u00fajtanak a magyar z\u00e1szl\u00f3ba burkolt, elsz\u00e1nt honfit\u00e1rsaimnak, megnyugtatott \u00e9s mosolyt csalt az arcomra \u00e9s att\u00f3l a pillanatt\u00f3l fogva inkognit\u00f3 ide, vagy oda, lelkesen riariahung\u00e1ri\u00e1ztam \u00e9n is az \u00e1llom\u00e1sra \u00e9rkez\u0151 kisebb-nagyobb csoprtokkal. \u00c9s nem csak \u00e9n, Pasi is. Az aggodalmam teljesen alaptalannak bizonyult.\r\n\r\nEgyre t\u00f6bb magyar szurkol\u00f3 \u00e9rkezett a helysz\u00ednre \u00e9s \u00e9n egyre biztosabb voltam abban, hogy magyarok \u00e9s hollandok kart karba \u00f6ltve fogj\u00e1k v\u00e9gigszrukolni a 90 percet.\r\n\r\nM\u00edg be nem \u00e9rt\u00fcnk a stadionba, a szektorba, ahov\u00e1 a jegy\u00fcnk sz\u00f3lt. Egyetlen k\u00f3bor magyart sem lehetett l\u00e1tni, s\u0151t, a magyar szurkol\u00f3k a stadion t\u0151l\u00fcnk legt\u00e1volabbi pontj\u00e1n kaptak helyet. Csak hollandok, csak narancss\u00e1rga - minden n\u00e9gyzetcentim\u00e9teren. \r\n\r\n<a href=\"https:\/\/fapiac.cafeblog.hu\/files\/2013\/10\/holland-szurkolok.jpg\"><img src=\"https:\/\/fapiac.cafeblog.hu\/files\/2013\/10\/holland-szurkolok-225x300.jpg\" alt=\"holland szurkolok\" width=\"225\" height=\"300\" class=\"alignnone size-medium wp-image-432\" \/><\/a>\r\n\r\n\u00c9s ekkor m\u00e9g legal\u00e1bb egy \u00f3ra volt kezd\u00e9sig... Akkor, abban a pillanatban m\u00e1r biztos voltam abban, hogy b\u00e1rmi t\u00f6rt\u00e9nj\u00e9k is, \u00e9n egyed\u00fcl maradtam. Ha a hollandok l\u0151nek g\u00f3lt, akkor is, ha a magyarok akkor is.\r\nN\u00e9zel\u0151dtem, figyeltem, ahogy meleg\u00edt a magyar v\u00e1logatott, hallgattam azokat a dalokat, amiket m\u00e1r r\u00e9g ismertem a holland v\u00e1logatott szerepl\u00e9seir\u0151l, \u00f6nk\u00e9ntelen\u00fcl \u00e9nekeltem vel\u00fck, tapsikoltam, mert t\u00e9nyleg nem lehet m\u00e1sk\u00e9pp. Ha egy dolog van, amiben a hollandok nagymen\u0151k, az a hangulatkelt\u00e9s. Egy ilyen esem\u00e9nykor mindenki kifordul mag\u00e1b\u00f3l. Mintha a jelmez, amit magukra r\u00e1ngatnak elnyomn\u00e1 val\u00f3s \u00e9nj\u00fcket, mintha mindannyian \u00fajra kisgyerekekk\u00e9 v\u00e1ln\u00e1nak egy kicsit.\r\n\r\n\u00d6r\u00f6mmel vettem tudom\u00e1sul p\u00e9ld\u00e1ul, hogy v\u00e9gre el\u0151ben is megszeml\u00e9lhettem az \"Ezredest\", aki minden v\u00e1logatott holland meccsen ott van. AZ EB-n minden nap mutattak r\u00f3la p\u00e1r k\u00e9pkock\u00e1t, egy fogalom lett.\r\n\u00c9s \u00e9n l\u00e1ttam \u0151t, testk\u00f6zelb\u0151l, egy kisfi\u00faval besz\u00e9lgetni, aki az apuk\u00e1j\u00e1val \u00e9rkezett a meccsre \u00e9s k\u00e9t sorral \u00fclt el\u0151tt\u00fcnk.\r\n\r\n<a href=\"https:\/\/fapiac.cafeblog.hu\/files\/2013\/10\/ezredes-3.jpg\"><img src=\"https:\/\/fapiac.cafeblog.hu\/files\/2013\/10\/ezredes-3-300x290.jpg\" alt=\"ezredes 3\" width=\"300\" height=\"290\" class=\"alignnone size-medium wp-image-433\" \/><\/a>\r\n\r\nBiztos, hogy kis \u00e9lete egyik legnagyobb \u00e9lm\u00e9nye volt ez \u00e9s haza\u00e9rkezve boldogan mes\u00e9lte anyuk\u00e1j\u00e1nak, mi mindent l\u00e1tott, akit majd b\u00fcszkes\u00e9g t\u00f6lt el, hogy l\u00e1m-l\u00e1m, a fi\u00fakat t\u00e9nyleg el lehet engedni kettesben meccsre \u00e9s milyen j\u00f3l \u00e9rezt\u00e9k magukat. Ekkor legal\u00e1bb is mindenk\u00e9ppen ezt gondoltam.\r\n\r\nAhogy a magyar fi\u00fakat figyeltem meleg\u00edt\u00e9s k\u00f6zben, elszorult a torkom. Annyira, de annyira szerettem volna, ha j\u00f3l j\u00e1tszanak. Nem kell gy\u0151zni, csak j\u00f3l j\u00e1tszani. T\u00e9nyleg, annyira szerettem volna, ha nem d\u00f6ng\u00f6lik \u0151ket a hollandok a f\u00f6ldbe megint. \r\n\r\nElkezd\u0151d\u00f6tt a meccs, a g\u00f3lokat nem fogom r\u00e9szletezni, mert azt mindenki l\u00e1tta. A legt\u00f6bben legal\u00e1bb is.\r\n\r\nAmi a meccs k\u00f6zben zajlott a lel\u00e1t\u00f3n, a harmadik sorban, arra \u00e9rdemes r\u00e9szletsebben kit\u00e9rni. \r\n\r\nAz \u00f6t\u00f6dik perc k\u00f6r\u00fcl ugyanis bevette a mi szektorunkat egy szambacsoport (mert ak\u00e1rhogyan is lesz, a hollandok m\u00e1r kijutottak Braz\u00edli\u00e1ba). Ahogy kell, pasik hangszerekkel, csajok egy sz\u00e1l semmiben. \u00c9s itt, ezen a ponton ir\u00e1nyult a stadion minden (f\u00e9rfi) tagj\u00e1nak a figyelme a p\u00e1ly\u00e1r\u00f3l a lel\u00e1t\u00f3ra. A h\u00f6lgyek sz\u00e9p sorj\u00e1ban ereszkedtek le a l\u00e9pcs\u0151n, a pasik pedig ezzel egy id\u0151ben emelkedtek fel sz\u00e9keikb\u0151l. Bele\u00e9rtve az eny\u00e9met is. El\u0151ker\u00fcltek a mobilok, f\u00e9nyk\u00e9peket, filmeket csin\u00e1ltak, melyeket b\u00fcszk\u00e9n k\u00fcldtek el otthon rekedt t\u00e1rsaiknak, egym\u00e1st b\u00f6kd\u00f6st\u00e9k f\u00f6ld\u00f6nt\u00fali boldogs\u00e1gban. G\u00f3lt l\u0151ttek a hollandok <del datetime=\"2013-10-13T18:04:50+00:00\">\u00e9s ebb\u0151l volt el\u00e9g<\/del>? Kit \u00e9rdekel? A szamb\u00e1s csajok itt risz\u00e1lj\u00e1k neccharisny\u00e1ba b\u00fajtatott h\u00e1ts\u00f3jukat az orrunk el\u0151tt. Ha rajtuk m\u00falott volna, ford\u00edtott eredm\u00e9nnyel z\u00e1rul a j\u00e1tszma, az biztos. \u00c9s val\u00f3ban: kit \u00e9rdekelt volna a veres\u00e9g, am\u00edg n\u0151k szamb\u00e1znak hi\u00e1nyos \u00f6lt\u00f6z\u00e9kben mellett\u00fck? \r\n\r\n<a href=\"https:\/\/fapiac.cafeblog.hu\/files\/2013\/10\/szamba.jpg\"><img src=\"https:\/\/fapiac.cafeblog.hu\/files\/2013\/10\/szamba-225x300.jpg\" alt=\"szamba\" width=\"225\" height=\"300\" class=\"alignnone size-medium wp-image-436\" \/><\/a>\r\n\r\nM\u00e9g a kisfi\u00fanak is kikerekedtek a szemei a n\u00e9nik l\u00e1tt\u00e1n, apuk\u00e1ja meg vil\u00e1g\u00e1t sem tudta. \r\n\r\nA helyzet mindig akkor rendez\u0151d\u00f6tt a f\u00e9rfiak k\u00f6z\u00f6tt, amikor a szamb\u00e1s csajok k\u00e9t g\u00f3l k\u00f6z\u00f6tt pokr\u00f3cok alatt vacogtak a 12 fokban. Amint j\u00f6tt a k\u00f6vetkez\u0151 g\u00f3l, mindenki megint megbolondult. \r\n\r\nAz Ezrdedes is egy pillanat alatt ott termett, ahol zajlott az \u00e9let, igyekezett tisztelet\u00e9t tenni a m\u0171v\u00e9szn\u0151k el\u0151tt. \r\n\r\nBar\u00e1tn\u0151m \u00e9s \u00e9n pedig \u00e9rtetlen\u00fcl voltunk tan\u00fai annak, hogyan csatlakoztak a mi pasijaink is az \u00e1tlaghoz \u00e9s r\u00e1ntott\u00e1k el\u0151 mobiljaikat minden egyes alkalommal, amikor a h\u00f6lgyek akci\u00f3ba lend\u00fcltek.\r\n\r\nEgy biztos, sem a kisfi\u00fa, sem az apuk\u00e1ja nem tudta tagadni, hogy hol \u00fcltek \u00e9s mit l\u00e1ttak, a szamb\u00e1s n\u00e9niket biztosan vette a t\u00e9v\u00e9, \u00e9s val\u00f3sz\u00edn\u0171leg vel\u00fck egy\u00fctt az apa-fia est\u00e9t is. Hogy a k\u00f6zelj\u00f6v\u0151ben elengedi-e \u0151ket anyuka kettesben egy pasis bulira, nem tudom, de az biztos, hogy apuka megkapta a mag\u00e1\u00e9t p\u00e9ntek este.\r\n\r\nPasi telefonja 6-1 k\u00f6rny\u00e9k\u00e9n izzani kezdett. Munkat\u00e1rsak, testv\u00e9rek, bar\u00e1tok \u00fczentek neki. Hogy az biztos, hogy egy h\u00e9tig nincs szex, hogy egyed\u00fcl kell-e hazaj\u00f6nnie Amszterdamb\u00f3l, esetleg sz\u00fcks\u00e9ge lenne-e egy j\u00f3 \u00fcgyv\u00e9dre a vagyonmegoszt\u00e1shoz.\r\n\r\nMindenkit megnyugtatok: nem hagytam el Pasit, sem a veres\u00e9g, sem a szamb\u00e1s m\u0171vn\u00e9szn\u0151k miatt. Mit\u00f6bb, \u0151 sem piszk\u00e1lt engem a meccs ut\u00e1n, s\u0151t, azt mondta, sajn\u00e1l miatta (\u0151szint\u00e9n, nem ironikusan). M\u00e9g az apuk\u00e1ja is felh\u00edvott \u00e9s azt mondta, \u0151 csak engem sajn\u00e1lt eg\u00e9sz v\u00e9gig. \r\nEngem nem kell sajn\u00e1lni, b\u00e1r t\u00e9ny, hogy nem teljesen \u00edgy k\u00e9pzeltem az est\u00e9t. \r\n\r\nAz \u00e9n lelkiismeretem tiszta, a magyaroknak szurkoltam, a Himnuszt \u00e9nekeltem \u00e9s felugrottam, amikor Dzsudzs\u00e1k bel\u0151tte egyetlen g\u00f3lunkat. Nem b\u00e1ntottak miatta.\r\nAz biztos, hogy ennek az est\u00e9nek minden r\u00e9szlet\u00e9re m\u00e9g sok\u00e1ig eml\u00e9kezni fogok. \r\n","type":"rich"}