{"version":"1.0","provider_name":"Fapiacr\u00f3l kertv\u00e1rosba","provider_url":"https:\/\/fapiac.cafeblog.hu","author_name":"T\u00f3th J. Zsuzsi","author_url":"https:\/\/fapiac.cafeblog.hu\/author\/zsutot\/","title":"Kar\u00e1csonyi agymen\u00e9s","html":"<a href=\"https:\/\/fapiac.cafeblog.hu\/files\/2014\/01\/karacsony.jpg\"><img class=\"size-medium wp-image-589 alignleft\" alt=\"karacsony\" src=\"https:\/\/fapiac.cafeblog.hu\/files\/2014\/01\/karacsony-224x300.jpg\" width=\"224\" height=\"300\" \/><\/a>Gondolom, mindenkinek a k\u00f6ny\u00f6k\u00e9n j\u00f6nnek m\u00e1r ki a meghat\u00f3 kar\u00e1csonyi t\u00f6rt\u00e9netek, a f\u00e9szb\u00fakos f\u00e9nyk\u00e9pek komplett kar\u00e1csonyi men\u00fck\u0151l, s\u00fctikr\u0151l, a kis Rezs\u0151ke els\u0151 kar\u00e1csony\u00e1r\u00f3l (minden elk\u00e9pzelhet\u0151 sz\u00f6gb\u0151l \u00e9s megvil\u00e1g\u00edt\u00e1sban), l\u00e1nyk\u00e9r\u00e9sr\u0151l, v\u00e1rva v\u00e1rt \u00e9s kev\u00e9sb\u00e9 v\u00e1gyott aj\u00e1nd\u00e9kokr\u00f3l, most, hogy a kar\u00e1csonyf\u00e1t is lebontottuk, a nappalok is egyre hosszabbak m\u00e1r, majdnem tavasz van, r\u00fcgybe borultak a meggyf\u00e1k (n\u00e1lunk az utc\u00e1ban am\u00fagy t\u00e9nyleg vir\u00e1gzik egy meggyfa, m\u00e9g most, este is 12 fok van, <del>nem csak a lak\u00e1sban, hanem kint is<\/del>), lezjalottak az \u00fcnnepek, kollekt\u00edve megh\u00edztunk (fejenk\u00e9nt legal\u00e1bb 5 kil\u00f3t), gondoltam, \u00e9n is be\u00e1llok a sorba \u00e9s utols\u00f3k\u00e9nt kullogva beavatlak benneteket a mi kar\u00e1csonyi elmebajunk minden piszkos kis r\u00e9szlet\u00e9be.\r\n\r\nKezdj\u00fck azzal, hogy t\u00f6kre nem tudtam r\u00e1p\u00f6r\u00f6gni az \u00fcnnepekre. Tavaly p\u00e9ld\u00e1ul m\u00e9g m\u00e9zeskal\u00e1csot is s\u00fct\u00f6ttem. Amennyiben ez nem el\u00e9g meggy\u0151z\u0151, m\u00e9g azt is el\u00e1rulom, hogy ki is d\u00edsz\u00edtettem \u0151ket. Ahogy illik, toj\u00e1shabbal, meg minden.\r\n\r\nId\u00e9n erre nem ker\u00fclt sor. Mit\u00f6bb, kar\u00e1csonyf\u00e1t is m\u00e1r csak akkor vett\u00fcnk, amikor 95%-kal le voltak \u00e9rt\u00e9kelve, mert m\u00e1snap \u00fagyis mentek a dar\u00e1l\u00f3ba. Itt megjegyezn\u00e9m egy\u00e9bk\u00e9nt, hogy att\u00f3l eltekintve, hogy egy nevets\u00e9ges \u00f6sszeg\u00e9rt siker\u00fclt beszerezn\u00fcnk eddigi p\u00e1lyafut\u00e1sunk legszebb kar\u00e1csonyf\u00e1j\u00e1t, nem \u00e9rtem, mi\u00e9rt gyilkolunk ki \u2013 mi, emberek, \u00fagy \u00e1ltal\u00e1ban \u2013 eg\u00e9sz feny\u0151erd\u0151ket, ha ut\u00e1na 1.) egy \u00e9letunt \u00e1ruh\u00e1zi elad\u00f3 a grabancukn\u00e1l fogja hajig\u00e1lja \u0151ket oldalra, m\u00e9g annak tudat\u00e1ban is, hogy azok a szerencs\u00e9tlen f\u00e1k, b\u00e1rmilyen kicsi is m\u00e1r az es\u00e9lye, emberek otthonait teszik meghitt\u00e9 \u00e9s boldogg\u00e1; 2.) m\u00e1r kar\u00e1csony el\u0151tt f\u00e9l nappal t\u00f6bb, mint a fel\u00e9t be fogj\u00e1k dar\u00e1lni.\r\n\r\nPersze \u00e9n sem vagyok jobb, mert v\u00e1s\u00e1rl\u00e1sommal \u00f6szt\u00f6nz\u00f6m teljes fenyvesek kim\u00e9sz\u00e1rl\u00e1s\u00e1t, sajnos j\u00f6v\u0151re is. Abban persze nem vagyok biztos, hogy a m\u0171feny\u0151 jobb megold\u00e1s lenne, mert azt is el tudom k\u00e9pzelni, hogy azokat meg l\u00e9tminimum alatt teng\u0151d\u0151 n\u0151k, esetleg gyerekek rakj\u00e1k \u00f6ssze valahol K\u00edn\u00e1ban (itt a viccet maxim\u00e1lisan mell\u0151zve!).\r\n\r\nDe most nagyon elkalandoztam a l\u00e9nyegt\u0151l, ott tartottam, hogy nem voltam \u00e9ppen kar\u00e1csonyi hangulatban, amihez nagy val\u00f3sz\u00edn\u0171s\u00e9ggel az id\u0151j\u00e1r\u00e1si viszonyok is hozz\u00e1j\u00e1rultak, hiszen a kar\u00e1csonyt megel\u0151z\u0151 h\u00e9ten jobb id\u0151 volt, mint egy \u00e1tlagos m\u00e1rciusi napon. Az \u00fcnnep f\u00e9ny\u00e9t val\u00f3sz\u00edn\u0171leg <a href=\"https:\/\/fapiac.cafeblog.hu\/2013\/12\/26\/rajtautes-a-kertvarosban\/\">rend\u0151rs\u00e9g t\u00e1rsas\u00e1g\u00e1ban<\/a> t\u00f6lt\u00f6tt utols\u00f3 adventi vas\u00e1rnap sem emelte.\r\n\r\nMeg \u00fagy egy\u00e1ltal\u00e1n, logisztikailag sem volt az eg\u00e9sz k\u00e9sz\u00fcl\u0151d\u00e9s a legjobban kivitelezve. Pl\u00e1ne, hogy 24-\u00e9n m\u00e9g dolgoznom kellett, mert az itt <i>nem<\/i> \u00fcnnepnap, de m\u00e9g csak nem is \"ledolgoz\u00f3s\".\r\n\r\nP\u00e1yafut\u00e1som sor\u00e1n egy\u00e9bk\u00e9nt most dolgoztam el\u0151sz\u00f6r december 24-\u00e9n \u00e9s el is d\u00f6nt\u00f6ttem, hogy t\u00f6bb ilyen nem lesz.\r\n\r\nMert hogyan is zajlott n\u00e1lunk otthon r\u00e9gen mindig a kar\u00e1csonyi k\u00e9sz\u00fcl\u0151d\u00e9s? Az aj\u00e1nd\u00e9kvad\u00e1szat n\u00e1lunk sem volt m\u00e1s, mint m\u00e1s rendes h\u00e1ztart\u00e1sokban, utols\u00f3 ut\u00e1ni pillanatban t\u00f6rt\u00e9nt mindez. Ez saj\u00e1t h\u00e1ztart\u00e1somban is \u00edgy zajlott id\u00e9n (de erre majd kit\u00e9rek r\u00e9szletesebben). Ami m\u00e1s volt n\u00e1lunk, mint, amit r\u00e9gen megszoktam, az al\u00e1bbi pontokban szedn\u00e9m \u00f6ssze. Pontosabban mi nem volt n\u00e1unk id\u00e9n.\r\n\r\nNem volt p\u00e9ld\u00e1ul szaloncukor a f\u00e1nkon. Ez egy nagy sz\u00edvf\u00e1jdalom volt, de ez van. Nem gy\u00e1rtottam \u00e9jszak\u00e1ba ny\u00fal\u00f3an s\u00fctem\u00e9nyeket, pl\u00e1ne nem \u00e9des \u00c9S s\u00f3s s\u00fctem\u00e9nyeket, pl\u00e1ne nem 5 fajt\u00e1t mindkett\u0151b\u0151l. Nem volt se t\u00f6lt\u00f6ttk\u00e1poszta, se hal\u00e1szl\u00e9. Nem volt tov\u00e1bb\u00e1 kar\u00e1csonyi nagytakar\u00edt\u00e1s. Nem pucoltam ablakot (b\u00e1r azt <a href=\"https:\/\/fapiac.cafeblog.hu\/2013\/12\/09\/kertvarosi-etikett\/\">n\u00e9h\u00e1ny hete megtettem<\/a>, igaz csak ott, ahol Dirksn\u00e9 l\u00e1tja), nem tiszt\u00edtottam sz\u0151nyeget (igaz, nincs is sz\u0151nyeg\u00fcnk sehol), nem mostam f\u00fcgg\u00f6nyt (b\u00e1r Hollandi\u00e1ban <span style=\"text-decoration: line-through\">szerencs\u00e9re <\/span>nincs is nagyon f\u00fcgg\u00f6ny a h\u00e1zban), nem pucoltam ki a konyh\u00e1t, de m\u00e9g a pinc\u00e9t sem tettem rendbe. \u00c1gynem\u0171t mondjuk mostam. Na!\r\n\r\nAmikor arr\u00f3l panaszkodtam, hogy micsoda kudarcba fulladt a kar\u00e1csonyi k\u00e9sz\u00fcl\u0151d\u00e9s, volt, aki eml\u00edt\u00e9st tett arr\u00f3l, hogy nem siker\u00fclt befejeznie a nagytakar\u00edt\u00e1st.\r\n\r\nN\u00e1lunk teh\u00e1t a nagytakar\u00edt\u00e1s elkezd\u00e9s\u00e9ig <em>sem<\/em> fajult a helyzet.\r\n\r\nMit\u00f6bb, utols\u00f3 ut\u00e1ni pillanatban kezdtem aj\u00e1nd\u00e9kok ut\u00e1n rohang\u00e1lni is. Ebben persze r\u00e9szben k\u00f6zrej\u00e1tszott az is, hogy isteni \u00e9rz\u00e9kkel tudjuk elsz*rni az id\u0151t mi ketten, m\u00e1sr\u00e9szt, hogy a munka mellett t\u00e9nyleg alig volt id\u0151nk, amit elsz*arhattunk volna.\r\n\r\nPasi egy\u00e9bk\u00e9nt t\u00f6k lelkesen aj\u00e1nlotta fel a seg\u00edts\u00e9g\u00e9t az utols\u00f3 lehets\u00e9ges napon, akkor, amikor szerettem volna beszerezni az \u0151 aj\u00e1nd\u00e9k\u00e1t is. El\u0151sz\u00f6r nem akartam neki sz\u00f3lni arr\u00f3l, hogy utols\u00f3 pillanatban \u00f3tvarkodtam be a v\u00e1rosba p\u00e1nikbeszerezni, de felh\u00edvott \u00e9s megk\u00e9rdezte, hol vagyok, \u00e9n meg nem tudok hazudni, \u00fagyhogy megmondtam, hogy hol. Erre odaj\u00f6tt. Nekem meg m\u00e9g csak es\u00e9lyem sem volt megvenni, amit akartam. Mindegy, felaj\u00e1nlotta a seg\u00edts\u00e9g\u00e9t aj\u00e1nd\u00e9kbeszerz\u00e9sben, ami persze t\u00f6k j\u00f3l j\u00f6tt, tekintve, hogy nekem az \u00f6v\u00e9t kellett volna megvennem abban az egy boltban, ami aznap nem nyitott ki.\r\n\r\nOk\u00e9, ess\u00fcnk t\u00fal a talin, az eg\u00e9sz haditerv a fejemben megkompon\u00e1lva, percre pontosan lebontva.\r\n\r\nPasi nagylelk\u0171en felaj\u00e1nlotta, hogy kimegy a Media Marktba. Gondoltam, \u0151t sem l\u00e1tom j\u00faniusig. Mindegy, belementem, a sz\u00fcks\u00e9g nagy \u00far. Megbesz\u00e9lt\u00fck, hogy 1,5 \u00f3ra m\u00falva j\u00f6n vissza \u00e9rtem, hogy egy\u00fctt tudjunk bev\u00e1s\u00e1rolni a kar\u00e1csonyi men\u00fch\u00f6z.\r\n\r\nB\u00e1rmennyire is szeretem \u00e9s b\u00edzom meg benne, ezt nem vagyok hajland\u00f3 r\u00e1b\u00edzni.\r\n\r\nGy\u0171l\u00f6l\u00f6m, ha kev\u00e9s a kaja (vagy, ha valakinek azt kell mondania, hogy \u0151 m\u00e1r nem \u00e9hes, pedig kopog a szeme, mert az utols\u00f3 falatot senki nem akarja kivenni). Azt persze meg kell hagyni, hogy m\u00e1r rengeteget fejl\u0151dtem, mert m\u00e1r nem j\u00e1rok szorosan a nyom\u00e1ban, amikor a h\u00e1zimunka valamelyik megtisztel\u0151 feladat\u00e1t v\u00e1llalja mag\u00e1ra. Eleinte k\u00f6vettem minden mozdulat\u00e1t \u00e9s inger\u00fclten mutattam r\u00e1 minden porszemre, ami felett \u00e1tsiklott a figyelme, rosszabb esetben (amikor nem figyelt) \u00e1tszaladtam a lak\u00e1son porsz\u00edv\u00f3val m\u00e9g egyszer, ami alapvet\u0151en ugyanannyi id\u0151t vett ig\u00e9nybe, mintha saj\u00e1t magam, seg\u00edts\u00e9g n\u00e9lk\u00fcl takar\u00edtottam volna.\r\n\r\nR\u00e1j\u00f6ttem, hogy 1.) el\u00e9g r\u00e9g\u00f3ta \u201enevelem\u201c m\u00e1r ahhoz, hogy tudja, hogyan kell takar\u00edtani, 2.) soha nem fogom el\u00e9rni az \u00e1h\u00edtott nirvana \u00e1llapot\u00e1t, ha nem hagyom, hogy levegye \u00e9des terheim egy r\u00e9sz\u00e9t a v\u00e1llamr\u00f3l. \u00cdgy egy kis kosz igaz\u00e1n hidegen hagy m\u00e1r. Szinte nem is zavar, hogy sarkokban, b\u00fatorok alatt\/ m\u00f6g\u00f6tt itt-ott, kisebb csom\u00f3kban, szabad szemmel gyakorlatilag alig l\u00e1that\u00f3 m\u00e9ret\u0171 porcic\u00e1k figyelnek, vagy, hogy nincs m\u00e1r egyetlen feh\u00e9r bugyim sem, mert Pasi id\u0151 sz\u0171k\u00e9ben mindent \u00f6sszemos mindennel. Legal\u00e1bb csin\u00e1lja, \u00fagy vagyok vele.\r\n\r\nDe az \u00fcnnepi alkalmak el\u0151tti nagybev\u00e1s\u00e1rl\u00e1s feletti fel\u00fcgyelet az nekem j\u00e1r, abb\u00f3l nem engedek. Az, hogy mi mit esz\u00fcnk, nagyj\u00e1b\u00f3l hidegen hagy. M\u00e1r igaz\u00e1n kiv\u00e1l\u00f3 fog\u00e1sokat tudok \u00f6sszedobni a Pasi \u00e1ltal rendszeresen beszerzett virsli-dar\u00e1lth\u00fas-\u00fcvegt\u00e9szta-paradicsomsz\u00f3sz komb\u00f3b\u00f3l. K\u00f6z\u00f6ns\u00e9gnek f\u0151zni viszont az egyik legnagyobb stresszforr\u00e1s, ott mindennek \u00fagy kell t\u00f6rt\u00e9nnie, ahogyan \u00e9n azt \u2013 \u00e9jszaka, alv\u00e1s helyett \u2013 kigondoltam.\r\n\r\nAz megvan egy\u00e9bk\u00e9nt, hogy \u00e9jszaka alv\u00e1s helyett \u00e1tvessz\u00fck fejben az elk\u00f6vetkez\u0151 napok forgat\u00f3k\u00f6nyv\u00e9t? Mit kell m\u00e9g elint\u00e9zni munk\u00e1ban, kinek kell m\u00e9g aj\u00e1nd\u00e9kot venni, mit kell m\u00e9g kimosni\/ kitakar\u00edtani, hov\u00e1 rejts\u00fck szeretteink aj\u00e1nd\u00e9kait, mit s\u00fcss\u00fcnk-f\u0151zz\u00fcnk az \u00fcnnepek alatt \u00e9s f\u0151leg mikor szerezz\u00fck be az \u00f6sszes hozz\u00e1val\u00f3t mindehhez??! Mik\u00f6zben pasink v\u00edgan horkol mellett\u00fcnk, mert \u00fagyis lesz valahogy. Max. esz\u00fcnk virslit...\r\n\r\nMire v\u00e9gigr\u00e1gjuk magunkat az \u00f6sszes tennival\u00f3n, a p\u00e1nik maxim\u00e1lisan \u00farr\u00e1 lesz test\u00fcnk\u00f6n, j\u00f6n a sz\u00edvdobog\u00e1s, a h\u0151hull\u00e1mok \u00e9s \u2013 m\u00e9g ha siker\u00fclne is lenyugtatnunk magunkat, k\u00fcl\u00f6nb\u00f6z\u0151 medit\u00e1ci\u00f3s \u00e9s l\u00e9gz\u00e9stechnik\u00e1kkal vissza\u00e1ll\u00edtanunk pulzusunkat egy \u00e9lhet\u0151 szintre - , k\u00e9ptelens\u00e9g elaludni \u2013 a felkel\u0151 nap els\u0151 sugarait\u00f3l (\u00e9s a horkol\u00e1st\u00f3l term\u00e9szetesen).\r\n\r\nA fentiek ismeret\u00e9ben tal\u00e1n nem is meglep\u0151, hogy teljes k\u00e9ts\u00e9gbees\u00e9semben igyekeztem minden egy\u00e9nileg kivitelezhet\u0151 tev\u00e9kenys\u00e9get lezongor\u00e1zni abban a m\u00e1sf\u00e9l \u00f3r\u00e1ban, amit Pasit\u00f3l kaptam.\r\n\r\nV\u00e9g\u00fcl siker\u00fclt tal\u00e1lnom egy boltot, ahol megszereztem a Catan telepesit, vettem aj\u00e1nd\u00e9kot a csal\u00e1d \u00e9s bar\u00e1tok \u00f6sszes gyerek\u00e9nek (mert azt m\u00e9g apokalipszis eset\u00e9n sem b\u00edzn\u00e1m sz\u00edvesen Pasira, ki tudja mivel \u00e1llna el\u0151), m\u00e9g arra is siker\u00fclt id\u0151t szak\u00edtanom, hogy rendes csomagol\u00f3anyagot v\u00e1s\u00e1roljak, mert ut\u00e1lok boltban csomagolt aj\u00e1nd\u00e9kot adni. Id\u0151 sz\u0171k\u00e9ben nem volt pardon, laz\u00e1n keltem \u00e1t a piroson a zebr\u00e1n, \u00e9letemet \u00e9s saj\u00e1t testi \u00e9ps\u00e9gemet kock\u00e1ztatva loholtam, hogy m\u00e9g \u00e9ppen a megbesz\u00e9lt m\u00e1sf\u00e9l \u00f3ra utols\u00f3 pillanataiban essek be Pasi kedvenc boltj\u00e1ba, hogy a t\u00e1rsasj\u00e1t\u00e9k mell\u00e9 beszerezzek neki m\u00e9g egy inget\/ p\u00f3l\u00f3t\/ \u00f6vet\/ s\u00e1lat, valamit, ami igaz\u00e1n szem\u00e9lyess\u00e9 tehetn\u00e9 az aj\u00e1nd\u00e9kot. A boltba csapzottan, t\u00f6kig izzadtan, f\u00fclemen, farkamon szatyorral estem be, ahol legnagyobb meglepet\u00e9semre egy ismer\u0151sbe botlottam, Pasiba mag\u00e1ba.\r\n\r\n\u201eTe m\u00e1r vissza is \u00e9rt\u00e9l a Media Marktb\u00f3l??\u201c\r\n\r\n\u201eNem, m\u00e9g el sem indultam\u2026\u201d\r\n\r\n\u201eNem mondod, hogy m\u00e1sf\u00e9l \u00f3r\u00e1ja itt vagy?!\u201d\r\n\r\n\u201eNem, voltam m\u00e1r m\u00e1sik boltban is!\u201d\r\n\r\nNagyszer\u0171, am\u00edg \u00e9n lej\u00e1rom a l\u00e1bamat, saj\u00e1t ment\u00e1lis eg\u00e9szs\u00e9gemet kock\u00e1ztatom, hogy a kar\u00e1csonyi id\u0151szakban esed\u00e9kes 25 vend\u00e9gs\u00e9gben se \u00e9gjen le a pof\u00e1m, hogy \u00fcres k\u00e9zzel es\u00fcnk be, addig \u0151 v\u00edgan soppingolt, hogy a fent eml\u00edtett 25 kar\u00e1csonyi vend\u00e9gs\u00e9gbe \u00fajabbn\u00e1l \u00fajabb toalettben \u00e9rkezhessen\u2026\r\n\r\nMindemellett a Media Markt m\u00e1r majdnem z\u00e1rt. Tudom, hogy t\u00f6k g\u00e1z, \u00e9s kar\u00e1csonykor nem illik hisztizni, de abban a pillanatban megint \u00farr\u00e1 lett rajtam egy h\u0151hull\u00e1m, ami persze lehet, hogy a m\u00e1lh\u00e1val val\u00f3 f\u00e9ktelen rohan\u00e1s miatt volt. Pasinak mindenesetre egy\u00e9rtelm\u0171v\u00e9 v\u00e1lt, hogy id\u0151 sz\u0171ke van, m\u00e9g azt sem k\u00e9rdezte meg, hogy <em>\u00e9n <\/em>mit kerestem ott. \u00dagyhogy gyorsan elhagytuk az objektumot \u00e9s rohantunk tov\u00e1bb az aut\u00f3hoz.\r\n\r\nPasi t<a href=\"https:\/\/fapiac.cafeblog.hu\/2013\/07\/30\/reggeleim-pasival-2-fejezet\/\">\u0151le megszokott st\u00edlusban<\/a>, mint egy \u00e1mokfut\u00f3, sz\u00e1guldott k\u00f6vetkez\u0151 \u00fatic\u00e9lunk fel\u00e9.\r\n\r\nJeleztem neki, hogy ha nem sajn\u00e1lt m\u00e1sf\u00e9l \u00f3r\u00e1t ara, hogy b\u00e1li kimen\u0151t v\u00e1logasson mag\u00e1nak (mik\u00f6zben ak\u00e1r a Media Marktot is letudhatta volna), tal\u00e1n nem azon a k\u00e9t \u00e9s f\u00e9l percen fog m\u00falni az \u00fcnnepek sikere, amit cseppet sem felel\u0151ss\u00e9gteljes vezet\u00e9si st\u00edlus\u00e1val sp\u00f3rolhatunk meg. Viszont, ha \u00edgy folytatja, nek\u00fcnk felment\u00e9s\u00fcnk lesz \u00e9s nem kell majd aj\u00e1nd\u00e9kot venn\u00fcnk senkinek, hanem mi kapunk majd bonbont meg vir\u00e1got a k\u00f3rh\u00e1zban \u2013 a (p\u00e1ros) gipsz\u00e1gyunk mell\u00e9.\r\n\r\nV\u00e9g\u00fcl \u00e9ps\u00e9gben meg\u00e9rkezt\u00fcnk. Sajnos ott der\u00fclt ki, hogy nem mi voltunk az egyetlenek, akik digit\u00e1lis fot\u00f3keretet k\u00e9sz\u00fcltek aj\u00e1nd\u00e9kozni, legal\u00e1bb is a megfizethet\u0151 fajt\u00e1t. \u00cdgy, miut\u00e1n egy olyan 20 percre feltartottuk a sort magunk m\u00f6g\u00f6tt a p\u00e9nzt\u00e1rn\u00e1l, p\u00e1nikszer\u0171en t\u00e1voztunk. Egy m\u00e1sik elektronikai \u00e1ruh\u00e1zba akartunk \u00e1tverg\u0151dni. Miut\u00e1n Pasi konkr\u00e9tan r\u00e1mtolatott a parkol\u00f3ban, mert m\u00e1r nem l\u00e1tott az idegt\u0151l, \u00fagy d\u00f6nt\u00f6tt\u00fcnk (d\u00f6nt\u00f6ttem), hogy magunk \u00e9s k\u00f6rnyezet\u00fcnk \u00e9ps\u00e9ge \u00e9rdek\u00e9ben a v\u00e1s\u00e1rl\u00e1sprojektet berekesztj\u00fck. M\u00e1rmint az aj\u00e1nd\u00e9kv\u00e1s\u00e1rl\u00e1s\u00e9t.\r\n\r\nMert ekkor k\u00f6vetkezett a kajav\u00e1s\u00e1rl\u00e1si k\u00e1lv\u00e1ria. A szupermarketben am\u00fagy r\u00e1j\u00f6ttem, hogy a mi par\u00e1nk egyesek p\u00e1nikrohamainak poros nyom\u00e1ba sem \u00e9rt. Sprintel\u0151 nagyik, vereked\u0151 idegenek, ord\u00edt\u00f3 gyerekek (\u00e9s f\u00e9rjek) kellemes gy\u0171r\u0171j\u00e9ben igyekezt\u00fcnk beszerezni mindent, ami a kar\u00e1csonyi agymen\u00e9shez sz\u00fcks\u00e9ges \u00e9s, amit m\u00e1sf\u00e9l nappal kar\u00e1csony el\u0151tt lehetett m\u00e9g kapni. \u00c9letemben nem v\u00e1s\u00e1roltam m\u00e9g ilyen gyorsan, a fullad\u00e1sos p\u00e1nikroham \u00e9ppen kezdett eluralkodni rajtam, amikor (nagyj\u00e1b\u00f3l) mindent beszerezt\u00fcnk.\r\n\r\nF\u00e9l 11-re m\u00e1r itthon is voltunk. Nem is volt m\u00e1s dolgunk, mint <span style=\"text-decoration: line-through\">f\u00e1radtan elny\u00falni az \u00e1gyban<\/span> megt\u00f6rni 1 kg di\u00f3t (mert m\u00e1r di\u00f3belet sem lehetett kapni) \u00e9s megs\u00fctni k\u00e9t tort\u00e1t.\r\n\r\nV\u00e9g\u00fcl is nagy baj nem t\u00f6rt\u00e9nt, tulajdonk\u00e9ppen csak egy ujjamat \u00e9gettem le az \u00e9jszakai s\u00fctk\u00e9rez\u00e9s k\u00f6zben, azon pedig m\u00e1r ki sem akadtam, hogy v\u00e9letlen\u00fcl puffasztott rizses feh\u00e9rcsokit vettem az Eszterh\u00e1zy torta tetej\u00e9re.\r\n\r\nAki pedig a Pasival val\u00f3 kapcsolatom miatt agg\u00f3dna, annak nyugodt sz\u00edvvel elmondhatom, hogy kar\u00e1csony m\u00e1snapj\u00e1ra nyoma sem volt m\u00e1r a fesz\u00fclts\u00e9gnek, v\u00edgan Catanoztunk, legal\u00e1bb egy negyed \u00f3r\u00e1t, miut\u00e1n mindketten elaludtunk. \u00c1llva.\r\n\r\nNem gond, van egy \u00e9v\u00fcnk r\u00e1pihenni a k\u00f6vetkez\u0151re. \u00c9s kidolgozni a list\u00e1t arr\u00f3l, hogy mit fogunk m\u00e1shogy csin\u00e1lni. Val\u00f3sz\u00edn\u0171leg \u00e9jszaka. Alv\u00e1s helyett.","type":"rich"}