{"version":"1.0","provider_name":"Fapiacr\u00f3l kertv\u00e1rosba","provider_url":"https:\/\/fapiac.cafeblog.hu","author_name":"T\u00f3th J. Zsuzsi","author_url":"https:\/\/fapiac.cafeblog.hu\/author\/zsutot\/","title":"Embers\u00e9gb\u0151l buk\u00e1sra \u00e1llunk?","html":"[caption id=\"attachment_940\" align=\"alignleft\" width=\"300\"]<a href=\"https:\/\/fapiac.cafeblog.hu\/files\/2014\/07\/malaj.jpg\"><img class=\"wp-image-940 size-medium\" src=\"https:\/\/fapiac.cafeblog.hu\/files\/2014\/07\/malaj-300x225.jpg\" alt=\"mal\u00e1j g\u00e9p\" width=\"300\" height=\"225\" \/><\/a> forr\u00e1s: <a href=\"http:\/\/www.nu.nl\/\">http:\/\/www.nu.nl\/<\/a>[\/caption]\r\n\r\n\u00c9rtetlen d\u00f6bbenettel\u00a0b\u00e1mulom a t\u00e9v\u00e9t. A lezuhant mal\u00e1j g\u00e9p sajt\u00f3t\u00e1j\u00e9koztat\u00f3ja megy benne \u00e9l\u0151ben. Meg a h\u00edrad\u00f3 extra hossz\u00fa kiad\u00e1sa, ahol a legbugyut\u00e1bb k\u00e9rd\u00e9seket feszegetik.\r\n\r\nSok-sok ember vesztette ma \u00e9let\u00e9t, tal\u00e1n egy pillanat alatt.\r\n\r\nA m\u00e9di\u00e1b\u00f3l csak ez folyik, ami teljesen \u00e9rthet\u0151, t\u00e9nyleg hatalmas katasztr\u00f3fa ez! Itt k\u00fcl\u00f6n\u00f6sen, hiszen a g\u00e9pen utaz\u00f3knak t\u00f6bb, mint a fele volt holland. Persze olyan mindegy, hogy milyen \u00e1llampolg\u00e1rok voltak.\r\n\r\nEmberek voltak. Tal\u00e1n \u0151k is h\u00f3napok \u00f3ta v\u00e1rt\u00e1k a nyaral\u00e1st, \u00fagy, mint Pasi meg \u00e9n h\u00e1rom hete, tal\u00e1n n\u00e1sz\u00fatra mentek, vagy gyerekkel utaztak, esetleg csal\u00e1dhoz, vagy csal\u00e1dt\u00f3l. T\u00e9nyleg nem az sz\u00e1m\u00edt, hogy ki honnan sz\u00e1rmazik, vagy mi j\u00e1ratban volt.\r\n\r\nN\u00e9zem a k\u00e9peket, komment\u00e1r n\u00e9lk\u00fcl, \u00e9ppen az amszterdami rep\u00fcl\u0151t\u00e9rre \u00e9rkez\u0151 csal\u00e1dtagokat, hozz\u00e1tartoz\u00f3kat, bar\u00e1tokat mutatj\u00e1k, akik biztos, hogy \u00e9let\u00fck legsz\u00f6rny\u0171bb napj\u00e1t \u00e9lik meg \u00e9ppen.\r\n\r\nElk\u00e9pzelem, mit \u00e9rezhetnek azok, akik a holnap reggeli \"meg\u00e9rkezt\u00fcnk, minden rendben\" kezdet\u0171 sms \u00a0helyett ma koraeste egy v\u00e1ratlan telefonh\u00edv\u00e1ssal zuhantak ebbe a r\u00e9m\u00e1lomba. Ez t\u00e9nyleg egy olyan dolog, ami b\u00e1rkivel megt\u00f6rt\u00e9nhet, m\u00e9gsem gondolunk r\u00e1, csak egy pillanat alatt \u00e1tfut az agyunkon, hogy \"mi van, ha...?\", de azt\u00e1n hasonl\u00f3an gyorsan megpr\u00f3b\u00e1ljuk elhessegetni a dolgot.\r\n\r\nAz \u00fajs\u00e1g\u00edr\u00f3k ott tobz\u00f3dnak. Enyhe ki\u00e1br\u00e1ndults\u00e1got v\u00e9lek felfedezni a hangjukban, amikor azt ecsetelik, hogy a sajt\u00f3t t\u00e1voltartj\u00e1k a hozz\u00e1tartoz\u00f3kt\u00f3l \u00e9s hogy sokan k\u00f6z\u00fcl\u00fck takart\u00e1k az arcukat, mik\u00f6zben \u0151k <del>belepof\u00e1tlankodtak a gy\u00e1szukba<\/del> \u00e9ppen szenz\u00e1ci\u00f3t hajh\u00e1sztak.\r\n\r\n<em>MI VAN?!\u00a0<\/em>\r\n\r\nEmberek, amit tudni lehet, azt m\u00e1r tudjuk (vagy nem)! Ami k\u00e9s\u0151bb der\u00fcl ki (vagy nem, de ezzel most t\u00e9nyleg nem szeretn\u00e9k foglalkozni), azt is tudni fogjuk. Hagyjuk m\u00e1r ezeket a szeg\u00e9ny csal\u00e1dtagokat b\u00e9k\u00e9n! Nyilv\u00e1n az a legfontosabb most nekik, hogy mindenf\u00e9le h\u00edrad\u00f3knak nyilatkozzanak... Mert kell dr\u00e1ma, meg kellenek a k\u00f6nnyek.\r\n\r\nH\u00e1t t\u00e9nyleg az a legfontosabb, hogy a meggy\u00f6t\u00f6rt lelk\u0171, sokkban\u00a0t\u00e1ntorg\u00f3 ap\u00e1kat, any\u00e1kat, testv\u00e9reket, hitveseket, gyerekeket, bar\u00e1tokat \u00e9l\u0151 ad\u00e1sban l\u00e1ssuk \u00f6sszeomolni?\r\n\r\nAz, hogy egy h\u00edrad\u00f3 egy ilyen katasztr\u00f3fa k\u00f6r\u00fclm\u00e9nyeir\u0151l igyekszik pontos tud\u00f3s\u00edt\u00e1st adni, szerintem nem m\u00e1s, mint elfogadhat\u00f3, s\u0151t elv\u00e1rand\u00f3. Tal\u00e1n m\u00e9g a baleset k\u00e9tes k\u00f6r\u00fclm\u00e9nyeinek taglal\u00e1sa \u00e9s mindenf\u00e9le \u00f6sszeesk\u00fcv\u00e9selm\u00e9letek gy\u00e1rt\u00e1sa\u00a0is belef\u00e9re a dologba. Mert azt az\u00e9rt csak tudnunk kell, hogy mi is t\u00f6rt\u00e9nt pontosan.\r\n\r\nDe amikor a sajt\u00f3t\u00e1j\u00e9koztat\u00f3 ut\u00e1n visszakapcsoltak a st\u00fadi\u00f3ba \u00e9s miut\u00e1n a riporter valami szak\u00e9rt\u0151t k\u00e9rdezett arr\u00f3l, hogy <em>ugye<\/em> <span style=\"text-decoration: underline\"><strong>ez<\/strong> <\/span>a legnagyobb l\u00e9gikatasztr\u00f3fa, ami eddig (javar\u00e9szt holland utasokkal) t\u00f6rt\u00e9nt, \u00e9s a szak\u00e9rt\u0151 azt mondta, ez egy nagy katasztr\u00f3fa, b\u00e1r voltak nagyobbak is \u00e9s a riporter visszak\u00e9rdezett, hogy de <em>ugye<\/em> ez a legnagyobbak k\u00f6z\u00e9 tartozik, nem b\u00edrtam tov\u00e1bb.\r\n\r\nT\u00e9nyleg ez kell a n\u00e9pnek? T\u00e9nyleg azt gondolj\u00e1k, hogy ett\u0151l majda\u00a0holland \u00e9s 8-10 egy\u00e9b orsz\u00e1gb\u00f3l sz\u00e1rmaz\u00f3 utasok a csal\u00e1djai jobban fogj\u00e1k \u00e9rezni magukat?\r\n\r\nT\u00e9nyleg, \u00e9n vagyok csak ilyen gyenge l\u00e1ncszem \u00e9s t\u00e9nyleg csak engem zavar, hogy a nap bombah\u00edre m\u00f6g\u00f6tt, \u00f6sszed\u0151lt, szanasz\u00e9thullott emberi sorsok mellett az\u00e9rt igen ott j\u00e1tszanak a n\u00e9zetts\u00e9gi adatok is?\r\n\r\nTal\u00e1n od\u00e1ig jutottunk, hogy egy l\u00e9git\u00e1mad\u00e1s h\u00edr\u00e9t\u0151l, vagy n\u00e9pek \u00e9vek \u00f3ta tart\u00f3 v\u00e9res k\u00fczdelmeit\u0151l, melyekben naponta rengetegen halnak meg, vagy s\u00e9r\u00fclnek meg s\u00falyosan, m\u00e1r fel sem kapjuk a fej\u00fcnket? T\u00e9nyleg az kell, hogy <em>ez<\/em> legyen a legnagyobb, de ha nem a legnagyobb, legal\u00e1bb az <em>egyik<\/em> legnagyobb katasztr\u00f3fa, mert ha h\u00fasszal, vagy sz\u00e1zh\u00fasszal\u00a0kevesebben vesz\u00edtik el az \u00e9let\u00fcket, az tulajdonk\u00e9ppen m\u00e1r nem is h\u00edr?\r\n\r\n&nbsp;\r\n<h4 style=\"color: #525252\">K\u00f6sz\u00f6n\u00f6m, hogy bet\u00e9rt\u00e9l a Fapiacra! Ha tetszett az \u00edr\u00e1s \u00e9s nem szeretn\u00e9l lemaradni\u00a0a blog\u00a0leg\u00fajabb bejegyz\u00e9seir\u0151l \u00e9s egy\u00e9b apr\u00f3 \u00e9rdekess\u00e9gekr\u0151l, csatlakozz\u00a0a blog\u00a0<a style=\"color: #b989b3\" href=\"https:\/\/www.facebook.com\/Fapiacblog\">Facebook\u00a0<\/a>oldal\u00e1hoz is!\u00a0<img src=\"https:\/\/fapiac.cafeblog.hu\/wp-includes\/images\/smilies\/icon_smile.gif\" alt=\":)\" \/><\/h4>","type":"rich"}