{"version":"1.0","provider_name":"Fapiacr\u00f3l kertv\u00e1rosba","provider_url":"https:\/\/fapiac.cafeblog.hu","author_name":"T\u00f3th J. Zsuzsi","author_url":"https:\/\/fapiac.cafeblog.hu\/author\/zsutot\/","title":"K\u00e9rsz r\u00e1 puszit?","html":"Itt is megvannak azok a rekl\u00e1mok, amik r\u00f6gt\u00f6n ki tudj\u00e1k csapni a biztos\u00edt\u00e9kot n\u00e1lam.\r\n\r\nVan egy \u00fczletl\u00e1nc, egy drog\u00e9ria (\u00e9s minden egy\u00e9b), ahol mindenf\u00e9le piperecuccon, mos\u00f3- \u00e9s tiszt\u00edt\u00f3szeren \u00e9s kozmetikumon\u00a0kereszt\u00fcl, gy\u00f3gyszereken \u00e9s gy\u00f3gyhat\u00e1s\u00fa k\u00e9sz\u00edtm\u00e9nyeken \u00e1t, a K\u00edn\u00e1ban, \u0151r\u00fcletes tal\u00e1l\u00e9konys\u00e1ggal gy\u00e1rtott aj\u00e1nd\u00e9k- \u00e9s d\u00edszt\u00e1rgynak sz\u00e1nt borzalmakig mindent \u00e1rulnak.\r\n\r\nEz a bolth\u00e1l\u00f3zat rukkolt el\u0151 nem t\u00fal r\u00e9gen (szerintem valamikor tavaly) az els\u0151 sz\u00e9ria \"k\u00e9rsz r\u00e1 puszit?\" szlogen\u0171 rekl\u00e1mmal. A dolog l\u00e9nyege ugye, ha f\u00e1j, kapunk r\u00e1 egy puszit \u00e9s m\u00e1ris minden el van felejtve. Ha viszont ezt nem akarn\u00e1nk, ell\u00e9pdelhet\u00fcnk ebbe a boltba beszerezni b\u00e1rmilyen gy\u00f3gyszert, vagy gy\u00f3gyhat\u00e1s\u00fa k\u00e9sz\u00edtm\u00e9nyt, ami enyh\u00edti nagyj\u00e1b\u00f3l b\u00e1rmilyen f\u00e1jdalmunkat.\r\n\r\n\"Kusje erop?\" (vagyis k\u00e9rsz r\u00e1 puszit?), ez a k\u00e9rd\u00e9s, ami az els\u0151 r\u00e9szben k\u00fcl\u00f6nb\u00f6z\u0151 \u00e9lethelyzetekben hangzik el: egy kisl\u00e1nyt\u00f3l, aki az \u00e9ppen a l\u00e9pcs\u0151r\u0151l, egy teli szennyeskos\u00e1rral lev\u00e1g\u00f3dott anyuk\u00e1ja f\u00f6l\u00e9 hajol, vagy a k\u00e9t darab, egyenk\u00e9nt h\u00e1rom ajt\u00f3s szekr\u00e9ny testalkat\u00fa szaki k\u00f6z\u00f6tt, akik k\u00f6z\u00fcl az egyik \u00e9ppen egy kalap\u00e1ccsal v\u00e1g r\u00e1 az ujj\u00e1ra, vagy a b\u00edr\u00f3t\u00f3l, aki a focist\u00e1k j\u00f3l ismert sz\u00edn\u00e9szked\u00e9s\u00e9re teszi fel a mindent megoldani l\u00e1tsz\u00f3 k\u00e9rd\u00e9st.\r\n\r\nEls\u0151re eg\u00e9sz szellemesnek tal\u00e1ltam az \u00f6tletet, mindh\u00e1rom \u00e9lethelyzetet igen szellemesen mutatt\u00e1k be szerintem. De, mint azt m\u00e1r olyan sokan megmondt\u00e1k ezel\u0151tt, minden sikeres pr\u00f3b\u00e1loz\u00e1sb\u00f3l\u00a0\u00e9rdemes a cs\u00facson kisz\u00e1llni.\r\n\r\nA c\u00e9g marketingesei viszont t\u00f6bbet akartak: csak m\u00e9gegy rekl\u00e1mot a nyer\u0151 sz\u00e9ri\u00e1b\u00f3l! \u201cDe most merj\u00fcnk egy picivel messzebb menni!\u201d \u2013 gondolt\u00e1k. Most tudassuk az emberekkel, hogy boltjainkban minden f\u00e1jdalomra, vagy nyavaly\u00e1ra tal\u00e1lnak megold\u00e1st! M\u00e9g azokra is, amikre az ember ink\u00e1bb nem adna puszit.\r\n\r\n\u00c9rdemes megn\u00e9zni a rekl\u00e1mot. Az \u00f6sszes eml\u00edt\u00e9sre m\u00e9lt\u00f3, ami elhangzik benne az a \u201ckusje erop?\u201d vagyis \u201ck\u00e9rsz r\u00e1 puszit?\u201d k\u00e9rd\u00e9s. A t\u00f6bbit am\u00fagy is a fant\u00e1zi\u00e1nkra b\u00edzz\u00e1k. Vagy nem.\r\n\r\n[embed]https:\/\/www.youtube.com\/watch?v=8yXMkJmlP98[\/embed]\r\n\r\nAmikor el\u0151sz\u00f6r l\u00e1ttam, azt gondoltam, nem fog ez sok\u00e1ig tartani, de be kell l\u00e1tnom, t\u00e9vedtem. M\u00e1r h\u00f3napok \u00f3ta nyomja a t\u00e9v\u00e9. Orrba-sz\u00e1jba.\r\n\r\n&nbsp;\r\n\r\nLegut\u00f3bb \u00e9n is bet\u00e9vedtem ebbe a boltba, mert\u2026, nos, olyan probl\u00e9m\u00e1m volt, amire az ember ink\u00e1bb nem k\u00e9r puszit\u2026 (hozz\u00e1teszem, hogy nem a rekl\u00e1mb\u00f3l j\u00f6ttem r\u00e1 arra, hogy \u00e9letem \u00e9ppen aktu\u00e1lis keresztj\u00e9re n\u00e1luk tal\u00e1lom meg a t\u00f6k\u00e9letesnek rem\u00e9lt gy\u00f3gy\u00edrt.)\r\n\r\nEz m\u00e9g a terhess\u00e9g igen korai szakasz\u00e1ban (kb. 8 hetes) volt, akkor a csal\u00e1don \u00e9s n\u00e9h\u00e1ny k\u00f6zeli bar\u00e1ton k\u00edv\u00fcl m\u00e9g senki nem tudta, hogy mi a helyzet. Legink\u00e1bb a munkat\u00e1rsaim nem. Ezt \u00e9rdemes megjegyezni, mivel valahogy \u00e9ppen \u00fagy alakult, hogy a c\u00e9gem \u00e9s ismer\u0151seink k\u00f6r\u00e9n bel\u00fcl nem csak Pasi \u00e9s \u00e9n tal\u00e1ltuk igaz\u00e1n vonz\u00f3 opci\u00f3nak a Kertv\u00e1rost, teh\u00e1t rengeteg munkat\u00e1rsam \u00e9s egy\u00e9b ismer\u0151s\u00fcnk lakik a k\u00f6rny\u00e9ken. Mit\u00f6bb, legt\u00f6bbsz\u00f6r bele is futok valakibe egy, a k\u00f6zeli t\u00e9ren megejtett bev\u00e1s\u00e1rl\u00f3s k\u00f6r k\u00f6zben.\r\n\r\nEzzel tiszt\u00e1ban voltam \u2013 m\u00e1r akkor is, amikor hetente k\u00e9tszer j\u00e1rtam f\u0171 alatt terhess\u00e9gi \u00e9s\/ vagy ovul\u00e1ci\u00f3s teszt\u00e9rt \u00e9s egy id\u0151 ut\u00e1n csak az\u00e9rt v\u00e1lasztottam m\u00e1sik boltot, mert kezdett az az \u00e9rz\u00e9sem t\u00e1madni, hogy m\u00e1r konkr\u00e9tan h\u00fclyenek n\u00e9znek az alkalmazottak, ami\u00e9rt oda hordom a havi j\u00f6vedelmem fel\u00e9t. Ez\u00e9rt \u00a0fentebb eml\u00edtett alkalommal ink\u00e1bb nagyon \u00f3vatosan k\u00f6rbej\u00e1rtam a drog\u00e9riat, hogy felt\u00e9rk\u00e9pezzem, nem j\u00e1r-kel-e esetleg egy ismer\u0151s \u00e9ppen a boltban, k\u00f6zben bedob\u00e1ltam ezt-azt a kosaramba, majd odasiettem a polchoz, leemeltem a kr\u00e9met \u00e9s elindultam a p\u00e9nzt\u00e1r fel\u00e9.\r\n\r\nA kassza m\u00f6g\u00f6tt \u00e9let\u00fant arc\u00fa, kiss\u00e9 flegma, m\u00e9gis az el\u0151\u00edr\u00e1sokat szigor\u00faan k\u00f6vet\u0151 fiatal p\u00e9nzt\u00e1ros l\u00e1ny h\u00fazg\u00e1lja a kos\u00e1rba helyezett term\u00e9kek vonalk\u00f3djait az olvas\u00f3val. Minden egyes pittyen\u00e9ssel k\u00f6zelebb ker\u00fcl\u00fcnk a m\u0171gonddal a kos\u00e1r alj\u00e1ba, minden al\u00e1 \u00fcgyeskedett gy\u00f3gyhat\u00e1s\u00fa k\u00e9sz\u00edtm\u00e9nyhez, <em>a term\u00e9khez<\/em>. Oda\u00e9rve, az \u00fczletl\u00e1ncban dolgoz\u00f3 p\u00e9nzt\u00e1rosok rutinj\u00e1val megk\u00e9rdezte, lenne-e k\u00e9rd\u00e9sem a gy\u00f3gyhat\u00e1s\u00fa k\u00e9sz\u00edtm\u00e9nnyel, <em>a term\u00e9kkel<\/em> kapcsolatban.\r\n\r\nNekem persze\u00a0volt. Mert ugye nem fogok mindenf\u00e9l\u00e9t csak \u00fagy, magamt\u00f3l, saj\u00e1t k\u00fatf\u0151b\u0151l bevenni, felkenni stb., amikor \u00e9n felel\u0151ss\u00e9ggel tartozom a sz\u00edvem alatt hordozott kicsi \u00e9let\u00e9rt. Meg h\u00e1t fene b\u00fcszke is voltam, hogy \u00e9n imm\u00e1r joggal tehetek fel\u00a0ilyen k\u00e9rd\u00e9st, mik\u00f6zben k\u00edv\u00fclr\u0151l m\u00e9g nyoma sincs \u00e1llapotomnak, de hadd tudja csak meg a flegma p\u00e9nzt\u00e1ros, hogy mi is a helyzet. \u00cdgy k\u00f6zelebb hajoltam hozz\u00e1, majd igen diszkr\u00e9ten, m\u00e9gis hat\u00e1rozottan feltettem a k\u00e9rd\u00e9st: \u201cA term\u00e9k terhess\u00e9g alatt is alkalmazhat\u00f3?\u201d\r\n\r\nR\u00e1mn\u00e9zett egy viszonylag k\u00e9ts\u00e9gbeesett tekintettel (k\u00e1b\u00e9, hogy soha senki nem szokott k\u00e9rd\u00e9st feltenni a term\u00e9kekkel kapcsolatban, h\u00e1t mi a j\u00f3 \u00e9let bajom van nekem?), kez\u00e9be vette <em>a term\u00e9ket<\/em>, forgatta egy kicsit, majd kutat\u00f3 tekintet\u00e9t a magasba emelte,\u00a0a bolt ter\u00e9t firtatva.\r\n\r\nAz \u00e9n fejemben pedig m\u00e1r \u0151r\u00fclt hangosan kongtak a kis v\u00e9szharangok, hogy ugye nem, mire m\u00e1r a keze is a \u00a0magasba lend\u00fclt, benne <em>a term\u00e9kkel<\/em>.\r\n\r\nMagamban rim\u00e1nkodtam neki, hogy ne tegye, de sajnos cs\u0151d\u00f6t mondott a telep\u00e1tia, mert - m\u00e9g miel\u0151tt \u00e1tvethettem volna magam a pluton, hogy a f\u00f6ldre teperve kitekerjem kez\u00e9b\u0151l <em>a term\u00e9ket -<\/em>, elrikkantotta mag\u00e1t:\r\n\r\n- Monique!\r\n\r\n- He? \u2013 \u00e9rkezett a nem t\u00fal apr\u00f3 \u00fczlethelyis\u00e9g m\u00e1sik v\u00e9g\u00e9b\u0151l a \u201cv\u00e1lasz\u201d (amennyiben a hollandoknak ezt az \u00e1ltal\u00e1nos megnyilv\u00e1nul\u00e1s\u00e1t, amihez 8 \u00e9v alatt sem siker\u00fclt m\u00e9g hozz\u00e1szoknom, v\u00e1lasznak lehet nevezni. Ebben az esetben tal\u00e1n a tess\u00e9k, igen, mondd csak, szavakat tudn\u00e1m r\u00e1 megnevezni \u00e9rtelmesebb szinonimak\u00e9nt.)\r\n\r\n- Az arany\u00e9rkr\u00e9met haszn\u00e1lhatj\u00e1k terhesek?\r\n\r\n- Heee? (Ebben az esetben a \u201cnem hallom, mit mondt\u00e1l?\u201d k\u00e9rd\u00e9ssel lenne helyettes\u00edthet\u0151 ez a multifuncki\u00f3s sz\u00f3cska.)\r\n\r\n- A-R-A-N-Y-\u00c9-R-K-R-\u00c9-M! Terhess\u00e9g alatt, haszn\u00e1lhat\u00f3?\r\n\r\n- Melyik?\r\n\r\n- A k\u00e9k dobozos arany\u00e9rkr\u00e9m.\r\n\r\n- Arany\u00e9r?\r\n\r\n- Arany\u00e9r!\r\n\r\n- Terhess\u00e9g alatt?\r\n\r\n- Terhess\u00e9g alatt.\r\n\r\nTess\u00e9k, te akartad, hogy m\u00e1sok is tudj\u00e1k, hogy terhes vagy! Most megkaptad, a boltban tart\u00f3zkod\u00f3 teljes popul\u00e1ci\u00f3 \u00e9s val\u00f3sz\u00edn\u0171leg a bolt nyitott ajtaja el\u0151tt \u00e9ppen \u00a0elhalad\u00f3 v\u00e1s\u00e1rl\u00f3k\u00f6z\u00f6ns\u00e9g is tudja m\u00e1r. B\u00e1r val\u00f3sz\u00edn\u0171leg ink\u00e1bb az inform\u00e1ci\u00f3 m\u00e1sik fele ragad csak meg mindenki agy\u00e1ban.\r\n\r\n\u00c9n mindek\u00f6zben \u0151r\u00fclt intenzit\u00e1ssal b\u00edztam abban, hogy min\u00e9l gyorsabban t\u00f6p\u00f6r\u00f6dhetek hangya m\u00e9ret\u0171v\u00e9 \u00e9s\/ vagy cseppfoly\u00f3s halmaz\u00e1llpot\u00fav\u00e1, vagy egyszer\u0171en csak l\u00e1thatatlann\u00e1, de mint azel\u0151tt, a fegyelmezett \u00f6sszpontos\u00edt\u00e1som ebben sem seg\u00edtett.\r\n\r\nMonique v\u00e9gre \u00f6sszer\u00e1ntotta mag\u00e1t \u00e9s a kiab\u00e1l\u00e1s helyett ink\u00e1bb levakarta mag\u00e1t a polcrendez\u00e9s k\u00f6zben haszn\u00e1lt s\u00e1mlir\u00f3l \u00e9s elvontatta h\u00e1ts\u00f3j\u00e1t a kassz\u00e1ig.\r\n\r\n[caption id=\"attachment_1098\" align=\"alignleft\" width=\"300\"]<a href=\"https:\/\/fapiac.cafeblog.hu\/files\/2015\/03\/ciki.jpg\"><img class=\"wp-image-1098 size-medium\" src=\"https:\/\/fapiac.cafeblog.hu\/files\/2015\/03\/ciki-300x169.jpg\" alt=\"ciki\" width=\"300\" height=\"169\" \/><\/a> A k\u00e9p <a href=\"http:\/\/thebankruptcyservice.co.uk\/blog\/no_embarrassment\">innen<\/a>.[\/caption]\r\n\r\nKivette <em>a term\u00e9ket<\/em> a flegma kez\u00e9b\u0151l, kibontotta a dobozt \u00e9s el\u0151vette a betegt\u00e1j\u00e9koztat\u00f3t. Gondoltam magamban, ezt \u00e9n is meg tudtam volna tenni, de volt\u00a0\u00a0bennem annyi tisztess\u00e9g, hogy ne nyitogassam ki <em>a term\u00e9k<\/em> doboz\u00e1t, miel\u0151tt m\u00e9g kifizettem volna.\r\n\r\nM\u00e1r egy eg\u00e9sz csinos kis sorocska szaporodott fel m\u00f6g\u00f6ttem az \u00e1rtatlannak gondolt k\u00e9rdesem kapcs\u00e1n fenn\u00e1ll\u00f3 kavarod\u00e1snak k\u00f6sz\u00f6nhet\u0151en.\r\n\r\nMonique hosszasan forgatta a betegt\u00e1j\u00e9koztat\u00f3t, tal\u00e1n bele is olvasott. \u201cNincs rajta.\u201d, ezt mondta, ilyen f\u00e1sultan. \u00c9n pedig gondoltam magamban, hogy mindegy, kifizetem, m\u00e1r akkor is kifizetn\u00e9m, ha hatalmas, k\u00f6v\u00e9r bet\u0171kkel az \u00e1llna rajta, hogy <em>a term\u00e9ket<\/em> <strong>B\u00c1RKI<\/strong> haszn\u00e1lhatja, csak terhesek nem.\r\n\r\nA rejt\u00e9lyt\u00a0v\u00e9g\u00fcl egy, a sorban k\u00f6zvetlen\u00fcl m\u00f6g\u00f6ttem \u00e1ll\u00f3 h\u00f6lgy oldotta meg, aki val\u00f3sz\u00edn\u0171leg m\u00e1r el\u00e9gg\u00e9 unta a jelenetet (\u00e9s tal\u00e1n megesett rajtam a sz\u00edve): odal\u00e9pett hozz\u00e1m \u00e9s biztos\u00edtott arr\u00f3l, hogy <em>a term\u00e9k<\/em> teljes biztons\u00e1ggal haszn\u00e1lhat\u00f3 terhess\u00e9g alatt. Azt ugyan nem tette hozz\u00e1, hogy tudja, mert \u0151 is ezt haszn\u00e1lta, am\u00edg terhes volt, de valahogy volt egy ilyen meg\u00e9rz\u00e9sem.\r\n\r\n\u00c9n megk\u00f6sz\u00f6ntem neki a seg\u00edts\u00e9get, gyorsan kifizettem mindent, majd az eg\u00e9szet bev\u00e1gtam a t\u00e1sk\u00e1mba \u00e9s v\u00f6r\u00f6sen l\u00e1ngol\u00f3 fejjel t\u00e1voztam a sz\u00ednr\u0151l.\r\n\r\n&nbsp;\r\n\r\n<strong>K\u00f6sz\u00f6n\u00f6m, hogy bet\u00e9rt\u00e9l a Fapiacra! Ha tetszett az \u00edr\u00e1s \u00e9s nem szeretn\u00e9l lemaradni\u00a0a leg\u00fajabb bejegyz\u00e9sekr\u0151l \u00e9s egy\u00e9b apr\u00f3 sztorikr\u00f3l, csatlakozz\u00a0a blog\u00a0<a href=\"https:\/\/www.facebook.com\/Fapiacblog\">Facebook\u00a0<\/a>oldal\u00e1hoz is!<\/strong>","type":"rich"}